{"id":1411,"date":"2015-10-01T17:20:24","date_gmt":"2015-10-01T14:20:24","guid":{"rendered":"http:\/\/orkestris.riga.lv\/?portfolio=sezonas-atklasanas-koncerts&#038;lang=en"},"modified":"2016-04-20T10:11:40","modified_gmt":"2016-04-20T07:11:40","slug":"sezonas-atklasanas-koncerts","status":"publish","type":"portfolio","link":"https:\/\/orkestris.riga.lv\/en\/portfolio-item\/sezonas-atklasanas-koncerts\/","title":{"rendered":"Sezonas atkl\u0101\u0161anas koncerts 24.09.2015."},"content":{"rendered":"\n<style type=\"text\/css\" data-created_by=\"avia_inline_auto\" id=\"style-css-av-av_one_full-352b07ef7d3bc99b2e9f92e7a9e06bdb\">\n.flex_column.av-av_one_full-352b07ef7d3bc99b2e9f92e7a9e06bdb{\nborder-radius:0px 0px 0px 0px;\npadding:0px 0px 0px 0px;\n}\n<\/style>\n<div  class='flex_column av-av_one_full-352b07ef7d3bc99b2e9f92e7a9e06bdb av_one_full  avia-builder-el-0  avia-builder-el-no-sibling  first flex_column_div av-zero-column-padding  '     ><p>\n<style type=\"text\/css\" data-created_by=\"avia_inline_auto\" id=\"style-css-av-av_heading-fd6948c322e06608bc23270ed90b632e\">\n#top .av-special-heading.av-av_heading-fd6948c322e06608bc23270ed90b632e{\npadding-bottom:10px;\n}\nbody .av-special-heading.av-av_heading-fd6948c322e06608bc23270ed90b632e .av-special-heading-tag .heading-char{\nfont-size:25px;\n}\n.av-special-heading.av-av_heading-fd6948c322e06608bc23270ed90b632e .av-subheading{\nfont-size:15px;\n}\n<\/style>\n<div  class='av-special-heading av-av_heading-fd6948c322e06608bc23270ed90b632e av-special-heading-h1 blockquote modern-quote  avia-builder-el-1  el_before_av_masonry_gallery  avia-builder-el-no-sibling '><h1 class='av-special-heading-tag '  itemprop=\"headline\"  >Sezonas atkl\u0101\u0161anas koncerts 24.09.2015.<\/h1><div class=\"special-heading-border\"><div class=\"special-heading-inner-border\"><\/div><\/div><\/div><br \/>\n<div id='av-masonry-1' class='av-masonry av-av_masonry_gallery-188590acfd01c9f6dbfbac49eec9fc4b noHover av-flex-size av-large-gap av-hover-overlay-active av-masonry-animation-active av-masonry-col-flexible av-caption-always av-caption-style- av-masonry-gallery ' data-post_id=\"1411\"><div class=\"av-masonry-container isotope av-js-disabled\"><div class='av-masonry-entry isotope-item av-masonry-item-no-image '><\/div><a href=\"https:\/\/orkestris.riga.lv\/wp-content\/uploads\/2015\/10\/DSC_0045-web-1030x687.jpg\" data-srcset=\"https:\/\/orkestris.riga.lv\/wp-content\/uploads\/2015\/10\/DSC_0045-web-1030x687.jpg 1030w, https:\/\/orkestris.riga.lv\/wp-content\/uploads\/2015\/10\/DSC_0045-web-300x200.jpg 300w, https:\/\/orkestris.riga.lv\/wp-content\/uploads\/2015\/10\/DSC_0045-web-1500x1000.jpg 1500w, https:\/\/orkestris.riga.lv\/wp-content\/uploads\/2015\/10\/DSC_0045-web-705x470.jpg 705w, https:\/\/orkestris.riga.lv\/wp-content\/uploads\/2015\/10\/DSC_0045-web-450x300.jpg 450w, https:\/\/orkestris.riga.lv\/wp-content\/uploads\/2015\/10\/DSC_0045-web.jpg 1560w\" data-sizes=\"(max-width: 1030px) 100vw, 1030px\"  aria-label=\"image image with no title\"  id='av-masonry-1-item-1080' data-av-masonry-item='1080' class='av-masonry-entry isotope-item post-1080 attachment type-attachment status-inherit hentry  av-masonry-item-with-image' title=\"\" alt=\"\"    itemprop=\"thumbnailUrl\" ><div class='av-inner-masonry-sizer'><\/div><figure class='av-inner-masonry main_color'><div class=\"av-masonry-outerimage-container\"><div class='av-masonry-image-container'  ><img decoding=\"async\" width=\"705\" height=\"470\" fetchpriority=\"high\" class=\"wp-image-1080 avia-img-lazy-loading-not-1080\"  src=\"https:\/\/orkestris.riga.lv\/wp-content\/uploads\/2015\/10\/DSC_0045-web-705x470.jpg\" title=\"\" alt=\"\" srcset=\"https:\/\/orkestris.riga.lv\/wp-content\/uploads\/2015\/10\/DSC_0045-web-705x470.jpg 705w, https:\/\/orkestris.riga.lv\/wp-content\/uploads\/2015\/10\/DSC_0045-web-300x200.jpg 300w, https:\/\/orkestris.riga.lv\/wp-content\/uploads\/2015\/10\/DSC_0045-web-1030x687.jpg 1030w, https:\/\/orkestris.riga.lv\/wp-content\/uploads\/2015\/10\/DSC_0045-web-1500x1000.jpg 1500w, https:\/\/orkestris.riga.lv\/wp-content\/uploads\/2015\/10\/DSC_0045-web-450x300.jpg 450w, https:\/\/orkestris.riga.lv\/wp-content\/uploads\/2015\/10\/DSC_0045-web.jpg 1560w\" sizes=\"(max-width: 705px) 100vw, 705px\" \/><\/div><\/div><figcaption class='av-inner-masonry-content site-background'><div class='av-inner-masonry-content-pos'><div class='av-inner-masonry-content-pos-content'><div class='avia-arrow'><\/div><h3 class='av-masonry-entry-title entry-title '  itemprop=\"headline\" ><\/h3><\/div><\/div><\/figcaption><\/figure><\/a><!--end av-masonry entry--><a href=\"https:\/\/orkestris.riga.lv\/wp-content\/uploads\/2015\/10\/DSC_0032-web-1030x687.jpg\" data-srcset=\"https:\/\/orkestris.riga.lv\/wp-content\/uploads\/2015\/10\/DSC_0032-web-1030x687.jpg 1030w, https:\/\/orkestris.riga.lv\/wp-content\/uploads\/2015\/10\/DSC_0032-web-300x200.jpg 300w, https:\/\/orkestris.riga.lv\/wp-content\/uploads\/2015\/10\/DSC_0032-web-1500x1000.jpg 1500w, https:\/\/orkestris.riga.lv\/wp-content\/uploads\/2015\/10\/DSC_0032-web-705x470.jpg 705w, https:\/\/orkestris.riga.lv\/wp-content\/uploads\/2015\/10\/DSC_0032-web-450x300.jpg 450w, https:\/\/orkestris.riga.lv\/wp-content\/uploads\/2015\/10\/DSC_0032-web.jpg 1560w\" data-sizes=\"(max-width: 1030px) 100vw, 1030px\"  aria-label=\"image image with no title\"  id='av-masonry-1-item-1082' data-av-masonry-item='1082' class='av-masonry-entry isotope-item post-1082 attachment type-attachment status-inherit hentry  av-masonry-item-with-image' title=\"\" alt=\"\"    itemprop=\"thumbnailUrl\" ><div class='av-inner-masonry-sizer'><\/div><figure class='av-inner-masonry main_color'><div class=\"av-masonry-outerimage-container\"><div class='av-masonry-image-container'  ><img decoding=\"async\" width=\"705\" height=\"470\" fetchpriority=\"high\" class=\"wp-image-1082 avia-img-lazy-loading-not-1082\"  src=\"https:\/\/orkestris.riga.lv\/wp-content\/uploads\/2015\/10\/DSC_0032-web-705x470.jpg\" title=\"\" alt=\"\" srcset=\"https:\/\/orkestris.riga.lv\/wp-content\/uploads\/2015\/10\/DSC_0032-web-705x470.jpg 705w, https:\/\/orkestris.riga.lv\/wp-content\/uploads\/2015\/10\/DSC_0032-web-300x200.jpg 300w, https:\/\/orkestris.riga.lv\/wp-content\/uploads\/2015\/10\/DSC_0032-web-1030x687.jpg 1030w, https:\/\/orkestris.riga.lv\/wp-content\/uploads\/2015\/10\/DSC_0032-web-1500x1000.jpg 1500w, https:\/\/orkestris.riga.lv\/wp-content\/uploads\/2015\/10\/DSC_0032-web-450x300.jpg 450w, https:\/\/orkestris.riga.lv\/wp-content\/uploads\/2015\/10\/DSC_0032-web.jpg 1560w\" sizes=\"(max-width: 705px) 100vw, 705px\" \/><\/div><\/div><figcaption class='av-inner-masonry-content site-background'><div class='av-inner-masonry-content-pos'><div class='av-inner-masonry-content-pos-content'><div class='avia-arrow'><\/div><h3 class='av-masonry-entry-title entry-title '  itemprop=\"headline\" ><\/h3><\/div><\/div><\/figcaption><\/figure><\/a><!--end av-masonry entry--><a href=\"https:\/\/orkestris.riga.lv\/wp-content\/uploads\/2015\/10\/Janis-Porietis-2web-1030x687.jpg\" data-srcset=\"https:\/\/orkestris.riga.lv\/wp-content\/uploads\/2015\/10\/Janis-Porietis-2web-1030x687.jpg 1030w, https:\/\/orkestris.riga.lv\/wp-content\/uploads\/2015\/10\/Janis-Porietis-2web-300x200.jpg 300w, https:\/\/orkestris.riga.lv\/wp-content\/uploads\/2015\/10\/Janis-Porietis-2web-1500x1000.jpg 1500w, https:\/\/orkestris.riga.lv\/wp-content\/uploads\/2015\/10\/Janis-Porietis-2web-705x470.jpg 705w, https:\/\/orkestris.riga.lv\/wp-content\/uploads\/2015\/10\/Janis-Porietis-2web-450x300.jpg 450w\" data-sizes=\"(max-width: 1030px) 100vw, 1030px\"  aria-label=\"image image with no title\"  id='av-masonry-1-item-1414' data-av-masonry-item='1414' class='av-masonry-entry isotope-item post-1414 attachment type-attachment status-inherit hentry  av-masonry-item-with-image' title=\"\" alt=\"\"    itemprop=\"thumbnailUrl\" ><div class='av-inner-masonry-sizer'><\/div><figure class='av-inner-masonry main_color'><div class=\"av-masonry-outerimage-container\"><div class='av-masonry-image-container'  ><img decoding=\"async\" width=\"705\" height=\"470\" fetchpriority=\"high\" class=\"wp-image-1414 avia-img-lazy-loading-not-1414\"  src=\"https:\/\/orkestris.riga.lv\/wp-content\/uploads\/2015\/10\/Janis-Porietis-2web-705x470.jpg\" title=\"\" alt=\"\" srcset=\"https:\/\/orkestris.riga.lv\/wp-content\/uploads\/2015\/10\/Janis-Porietis-2web-705x470.jpg 705w, https:\/\/orkestris.riga.lv\/wp-content\/uploads\/2015\/10\/Janis-Porietis-2web-300x200.jpg 300w, https:\/\/orkestris.riga.lv\/wp-content\/uploads\/2015\/10\/Janis-Porietis-2web-1030x687.jpg 1030w, https:\/\/orkestris.riga.lv\/wp-content\/uploads\/2015\/10\/Janis-Porietis-2web-1500x1000.jpg 1500w, https:\/\/orkestris.riga.lv\/wp-content\/uploads\/2015\/10\/Janis-Porietis-2web-450x300.jpg 450w\" sizes=\"(max-width: 705px) 100vw, 705px\" \/><\/div><\/div><figcaption class='av-inner-masonry-content site-background'><div class='av-inner-masonry-content-pos'><div class='av-inner-masonry-content-pos-content'><div class='avia-arrow'><\/div><h3 class='av-masonry-entry-title entry-title '  itemprop=\"headline\" ><\/h3><\/div><\/div><\/figcaption><\/figure><\/a><!--end av-masonry entry--><\/div><\/div><\/p><\/div>\n","protected":false},"excerpt":{"rendered":"","protected":false},"author":1,"featured_media":1080,"comment_status":"closed","ping_status":"closed","template":"","meta":{"footnotes":""},"tags":[],"portfolio_entries":[23],"class_list":["post-1411","portfolio","type-portfolio","status-publish","has-post-thumbnail","hentry","portfolio_entries-photo"],"yoast_head":"<!-- This site is optimized with the Yoast SEO plugin v27.4 - https:\/\/yoast.com\/product\/yoast-seo-wordpress\/ -->\n<title>Sezonas atkl\u0101\u0161anas koncerts 24.09.2015. - Or\u0137estris R\u012aGA<\/title>\n<meta name=\"robots\" content=\"index, follow, max-snippet:-1, max-image-preview:large, max-video-preview:-1\" \/>\n<link rel=\"canonical\" href=\"https:\/\/orkestris.riga.lv\/en\/portfolio-item\/sezonas-atklasanas-koncerts\/\" \/>\n<meta property=\"og:locale\" content=\"en_US\" \/>\n<meta property=\"og:type\" content=\"article\" \/>\n<meta property=\"og:title\" content=\"Sezonas atkl\u0101\u0161anas koncerts 24.09.2015. - Or\u0137estris R\u012aGA\" \/>\n<meta property=\"og:url\" content=\"https:\/\/orkestris.riga.lv\/en\/portfolio-item\/sezonas-atklasanas-koncerts\/\" \/>\n<meta property=\"og:site_name\" content=\"Or\u0137estris R\u012aGA\" \/>\n<meta property=\"article:publisher\" content=\"https:\/\/www.facebook.com\/rigaorchestra\" \/>\n<meta property=\"article:modified_time\" content=\"2016-04-20T07:11:40+00:00\" \/>\n<meta property=\"og:image\" content=\"https:\/\/orkestris.riga.lv\/wp-content\/uploads\/2015\/10\/DSC_0045-web.jpg\" \/>\n\t<meta property=\"og:image:width\" content=\"1560\" \/>\n\t<meta property=\"og:image:height\" content=\"1040\" \/>\n\t<meta property=\"og:image:type\" content=\"image\/jpeg\" \/>\n<meta name=\"twitter:card\" content=\"summary_large_image\" \/>\n<meta name=\"twitter:label1\" content=\"Est. reading time\" \/>\n\t<meta name=\"twitter:data1\" content=\"1 minute\" \/>\n<script type=\"application\/ld+json\" class=\"yoast-schema-graph\">{\"@context\":\"https:\\\/\\\/schema.org\",\"@graph\":[{\"@type\":\"WebPage\",\"@id\":\"https:\\\/\\\/orkestris.riga.lv\\\/en\\\/portfolio-item\\\/sezonas-atklasanas-koncerts\\\/\",\"url\":\"https:\\\/\\\/orkestris.riga.lv\\\/en\\\/portfolio-item\\\/sezonas-atklasanas-koncerts\\\/\",\"name\":\"Sezonas atkl\u0101\u0161anas koncerts 24.09.2015. - Or\u0137estris R\u012aGA\",\"isPartOf\":{\"@id\":\"https:\\\/\\\/orkestris.riga.lv\\\/en\\\/#website\"},\"primaryImageOfPage\":{\"@id\":\"https:\\\/\\\/orkestris.riga.lv\\\/en\\\/portfolio-item\\\/sezonas-atklasanas-koncerts\\\/#primaryimage\"},\"image\":{\"@id\":\"https:\\\/\\\/orkestris.riga.lv\\\/en\\\/portfolio-item\\\/sezonas-atklasanas-koncerts\\\/#primaryimage\"},\"thumbnailUrl\":\"https:\\\/\\\/orkestris.riga.lv\\\/wp-content\\\/uploads\\\/2015\\\/10\\\/DSC_0045-web.jpg\",\"datePublished\":\"2015-10-01T14:20:24+00:00\",\"dateModified\":\"2016-04-20T07:11:40+00:00\",\"breadcrumb\":{\"@id\":\"https:\\\/\\\/orkestris.riga.lv\\\/en\\\/portfolio-item\\\/sezonas-atklasanas-koncerts\\\/#breadcrumb\"},\"inLanguage\":\"en-US\",\"potentialAction\":[{\"@type\":\"ReadAction\",\"target\":[\"https:\\\/\\\/orkestris.riga.lv\\\/en\\\/portfolio-item\\\/sezonas-atklasanas-koncerts\\\/\"]}]},{\"@type\":\"ImageObject\",\"inLanguage\":\"en-US\",\"@id\":\"https:\\\/\\\/orkestris.riga.lv\\\/en\\\/portfolio-item\\\/sezonas-atklasanas-koncerts\\\/#primaryimage\",\"url\":\"https:\\\/\\\/orkestris.riga.lv\\\/wp-content\\\/uploads\\\/2015\\\/10\\\/DSC_0045-web.jpg\",\"contentUrl\":\"https:\\\/\\\/orkestris.riga.lv\\\/wp-content\\\/uploads\\\/2015\\\/10\\\/DSC_0045-web.jpg\",\"width\":1560,\"height\":1040},{\"@type\":\"BreadcrumbList\",\"@id\":\"https:\\\/\\\/orkestris.riga.lv\\\/en\\\/portfolio-item\\\/sezonas-atklasanas-koncerts\\\/#breadcrumb\",\"itemListElement\":[{\"@type\":\"ListItem\",\"position\":1,\"name\":\"Home\",\"item\":\"https:\\\/\\\/orkestris.riga.lv\\\/en\\\/\"},{\"@type\":\"ListItem\",\"position\":2,\"name\":\"Sezonas atkl\u0101\u0161anas koncerts 24.09.2015.\"}]},{\"@type\":\"WebSite\",\"@id\":\"https:\\\/\\\/orkestris.riga.lv\\\/en\\\/#website\",\"url\":\"https:\\\/\\\/orkestris.riga.lv\\\/en\\\/\",\"name\":\"Or\u0137estris R\u012aGA\",\"description\":\"Orchestra RIGA\",\"publisher\":{\"@id\":\"https:\\\/\\\/orkestris.riga.lv\\\/en\\\/#organization\"},\"potentialAction\":[{\"@type\":\"SearchAction\",\"target\":{\"@type\":\"EntryPoint\",\"urlTemplate\":\"https:\\\/\\\/orkestris.riga.lv\\\/en\\\/?s={search_term_string}\"},\"query-input\":{\"@type\":\"PropertyValueSpecification\",\"valueRequired\":true,\"valueName\":\"search_term_string\"}}],\"inLanguage\":\"en-US\"},{\"@type\":\"Organization\",\"@id\":\"https:\\\/\\\/orkestris.riga.lv\\\/en\\\/#organization\",\"name\":\"Or\u0137estris R\u012aGA\",\"url\":\"https:\\\/\\\/orkestris.riga.lv\\\/en\\\/\",\"logo\":{\"@type\":\"ImageObject\",\"inLanguage\":\"en-US\",\"@id\":\"https:\\\/\\\/orkestris.riga.lv\\\/en\\\/#\\\/schema\\\/logo\\\/image\\\/\",\"url\":\"https:\\\/\\\/orkestris.riga.lv\\\/wp-content\\\/uploads\\\/2025\\\/01\\\/orkestris_riga_logo.png\",\"contentUrl\":\"https:\\\/\\\/orkestris.riga.lv\\\/wp-content\\\/uploads\\\/2025\\\/01\\\/orkestris_riga_logo.png\",\"width\":1200,\"height\":505,\"caption\":\"Or\u0137estris R\u012aGA\"},\"image\":{\"@id\":\"https:\\\/\\\/orkestris.riga.lv\\\/en\\\/#\\\/schema\\\/logo\\\/image\\\/\"},\"sameAs\":[\"https:\\\/\\\/www.facebook.com\\\/rigaorchestra\",\"https:\\\/\\\/www.youtube.com\\\/rigaorchestra\",\"https:\\\/\\\/www.instagram.com\\\/rigaorchestra\"]}]}<\/script>\n<!-- \/ Yoast SEO plugin. -->","yoast_head_json":{"title":"Sezonas atkl\u0101\u0161anas koncerts 24.09.2015. - Or\u0137estris R\u012aGA","robots":{"index":"index","follow":"follow","max-snippet":"max-snippet:-1","max-image-preview":"max-image-preview:large","max-video-preview":"max-video-preview:-1"},"canonical":"https:\/\/orkestris.riga.lv\/en\/portfolio-item\/sezonas-atklasanas-koncerts\/","og_locale":"en_US","og_type":"article","og_title":"Sezonas atkl\u0101\u0161anas koncerts 24.09.2015. - Or\u0137estris R\u012aGA","og_url":"https:\/\/orkestris.riga.lv\/en\/portfolio-item\/sezonas-atklasanas-koncerts\/","og_site_name":"Or\u0137estris R\u012aGA","article_publisher":"https:\/\/www.facebook.com\/rigaorchestra","article_modified_time":"2016-04-20T07:11:40+00:00","og_image":[{"width":1560,"height":1040,"url":"https:\/\/orkestris.riga.lv\/wp-content\/uploads\/2015\/10\/DSC_0045-web.jpg","type":"image\/jpeg"}],"twitter_card":"summary_large_image","twitter_misc":{"Est. reading time":"1 minute"},"schema":{"@context":"https:\/\/schema.org","@graph":[{"@type":"WebPage","@id":"https:\/\/orkestris.riga.lv\/en\/portfolio-item\/sezonas-atklasanas-koncerts\/","url":"https:\/\/orkestris.riga.lv\/en\/portfolio-item\/sezonas-atklasanas-koncerts\/","name":"Sezonas atkl\u0101\u0161anas koncerts 24.09.2015. - Or\u0137estris R\u012aGA","isPartOf":{"@id":"https:\/\/orkestris.riga.lv\/en\/#website"},"primaryImageOfPage":{"@id":"https:\/\/orkestris.riga.lv\/en\/portfolio-item\/sezonas-atklasanas-koncerts\/#primaryimage"},"image":{"@id":"https:\/\/orkestris.riga.lv\/en\/portfolio-item\/sezonas-atklasanas-koncerts\/#primaryimage"},"thumbnailUrl":"https:\/\/orkestris.riga.lv\/wp-content\/uploads\/2015\/10\/DSC_0045-web.jpg","datePublished":"2015-10-01T14:20:24+00:00","dateModified":"2016-04-20T07:11:40+00:00","breadcrumb":{"@id":"https:\/\/orkestris.riga.lv\/en\/portfolio-item\/sezonas-atklasanas-koncerts\/#breadcrumb"},"inLanguage":"en-US","potentialAction":[{"@type":"ReadAction","target":["https:\/\/orkestris.riga.lv\/en\/portfolio-item\/sezonas-atklasanas-koncerts\/"]}]},{"@type":"ImageObject","inLanguage":"en-US","@id":"https:\/\/orkestris.riga.lv\/en\/portfolio-item\/sezonas-atklasanas-koncerts\/#primaryimage","url":"https:\/\/orkestris.riga.lv\/wp-content\/uploads\/2015\/10\/DSC_0045-web.jpg","contentUrl":"https:\/\/orkestris.riga.lv\/wp-content\/uploads\/2015\/10\/DSC_0045-web.jpg","width":1560,"height":1040},{"@type":"BreadcrumbList","@id":"https:\/\/orkestris.riga.lv\/en\/portfolio-item\/sezonas-atklasanas-koncerts\/#breadcrumb","itemListElement":[{"@type":"ListItem","position":1,"name":"Home","item":"https:\/\/orkestris.riga.lv\/en\/"},{"@type":"ListItem","position":2,"name":"Sezonas atkl\u0101\u0161anas koncerts 24.09.2015."}]},{"@type":"WebSite","@id":"https:\/\/orkestris.riga.lv\/en\/#website","url":"https:\/\/orkestris.riga.lv\/en\/","name":"Or\u0137estris R\u012aGA","description":"Orchestra RIGA","publisher":{"@id":"https:\/\/orkestris.riga.lv\/en\/#organization"},"potentialAction":[{"@type":"SearchAction","target":{"@type":"EntryPoint","urlTemplate":"https:\/\/orkestris.riga.lv\/en\/?s={search_term_string}"},"query-input":{"@type":"PropertyValueSpecification","valueRequired":true,"valueName":"search_term_string"}}],"inLanguage":"en-US"},{"@type":"Organization","@id":"https:\/\/orkestris.riga.lv\/en\/#organization","name":"Or\u0137estris R\u012aGA","url":"https:\/\/orkestris.riga.lv\/en\/","logo":{"@type":"ImageObject","inLanguage":"en-US","@id":"https:\/\/orkestris.riga.lv\/en\/#\/schema\/logo\/image\/","url":"https:\/\/orkestris.riga.lv\/wp-content\/uploads\/2025\/01\/orkestris_riga_logo.png","contentUrl":"https:\/\/orkestris.riga.lv\/wp-content\/uploads\/2025\/01\/orkestris_riga_logo.png","width":1200,"height":505,"caption":"Or\u0137estris R\u012aGA"},"image":{"@id":"https:\/\/orkestris.riga.lv\/en\/#\/schema\/logo\/image\/"},"sameAs":["https:\/\/www.facebook.com\/rigaorchestra","https:\/\/www.youtube.com\/rigaorchestra","https:\/\/www.instagram.com\/rigaorchestra"]}]}},"_links":{"self":[{"href":"https:\/\/orkestris.riga.lv\/en\/wp-json\/wp\/v2\/portfolio\/1411","targetHints":{"allow":["GET"]}}],"collection":[{"href":"https:\/\/orkestris.riga.lv\/en\/wp-json\/wp\/v2\/portfolio"}],"about":[{"href":"https:\/\/orkestris.riga.lv\/en\/wp-json\/wp\/v2\/types\/portfolio"}],"author":[{"embeddable":true,"href":"https:\/\/orkestris.riga.lv\/en\/wp-json\/wp\/v2\/users\/1"}],"replies":[{"embeddable":true,"href":"https:\/\/orkestris.riga.lv\/en\/wp-json\/wp\/v2\/comments?post=1411"}],"version-history":[{"count":1,"href":"https:\/\/orkestris.riga.lv\/en\/wp-json\/wp\/v2\/portfolio\/1411\/revisions"}],"predecessor-version":[{"id":1415,"href":"https:\/\/orkestris.riga.lv\/en\/wp-json\/wp\/v2\/portfolio\/1411\/revisions\/1415"}],"wp:featuredmedia":[{"embeddable":true,"href":"https:\/\/orkestris.riga.lv\/en\/wp-json\/wp\/v2\/media\/1080"}],"wp:attachment":[{"href":"https:\/\/orkestris.riga.lv\/en\/wp-json\/wp\/v2\/media?parent=1411"}],"wp:term":[{"taxonomy":"post_tag","embeddable":true,"href":"https:\/\/orkestris.riga.lv\/en\/wp-json\/wp\/v2\/tags?post=1411"},{"taxonomy":"portfolio_entries","embeddable":true,"href":"https:\/\/orkestris.riga.lv\/en\/wp-json\/wp\/v2\/portfolio_entries?post=1411"}],"curies":[{"name":"wp","href":"https:\/\/api.w.org\/{rel}","templated":true}]}}