{"id":1603,"date":"2015-11-25T14:01:47","date_gmt":"2015-11-25T12:01:47","guid":{"rendered":"http:\/\/orkestris.riga.lv\/?portfolio=koncerts-latvijas-republikas-proklamesanas-diena-par-latviju-2&#038;lang=en"},"modified":"2016-04-19T12:46:27","modified_gmt":"2016-04-19T09:46:27","slug":"koncerts-latvijas-republikas-proklamesanas-diena-par-latviju-2","status":"publish","type":"portfolio","link":"https:\/\/orkestris.riga.lv\/en\/portfolio-item\/koncerts-latvijas-republikas-proklamesanas-diena-par-latviju-2\/","title":{"rendered":"Concert in the Proclamation Day of the Rebublic of Latvia &#8211; FOR LATVIA! 18.11.2016"},"content":{"rendered":"\n<style type=\"text\/css\" data-created_by=\"avia_inline_auto\" id=\"style-css-av-av_one_full-352b07ef7d3bc99b2e9f92e7a9e06bdb\">\n.flex_column.av-av_one_full-352b07ef7d3bc99b2e9f92e7a9e06bdb{\nborder-radius:0px 0px 0px 0px;\npadding:0px 0px 0px 0px;\n}\n<\/style>\n<div  class='flex_column av-av_one_full-352b07ef7d3bc99b2e9f92e7a9e06bdb av_one_full  avia-builder-el-0  avia-builder-el-no-sibling  first flex_column_div av-zero-column-padding  '     ><p>\n<style type=\"text\/css\" data-created_by=\"avia_inline_auto\" id=\"style-css-av-av_heading-c0a09ab975316e6b0f27ccc22cb26a1f\">\n#top .av-special-heading.av-av_heading-c0a09ab975316e6b0f27ccc22cb26a1f{\npadding-bottom:10px;\n}\nbody .av-special-heading.av-av_heading-c0a09ab975316e6b0f27ccc22cb26a1f .av-special-heading-tag .heading-char{\nfont-size:25px;\n}\n.av-special-heading.av-av_heading-c0a09ab975316e6b0f27ccc22cb26a1f .av-subheading{\nfont-size:15px;\n}\n<\/style>\n<div  class='av-special-heading av-av_heading-c0a09ab975316e6b0f27ccc22cb26a1f av-special-heading-h1 blockquote modern-quote  avia-builder-el-1  el_before_av_masonry_gallery  avia-builder-el-no-sibling '><h1 class='av-special-heading-tag '  itemprop=\"headline\"  >Koncerts Latvijas Republikas Proklam\u0113\u0161anas dien\u0101 <span class='special_amp'>&#8220;<\/span>PAR LATVIJU!<span class='special_amp'>&#8221;<\/span><\/h1><div class='av-subheading av-subheading_below'><p>Foto &#8211; Imants Strangots<\/p>\n<\/div><div class=\"special-heading-border\"><div class=\"special-heading-inner-border\"><\/div><\/div><\/div><br \/>\n<div id='av-masonry-1' class='av-masonry av-av_masonry_gallery-1ac3d4f2a1615197bf596e335a1525e1 noHover av-fixed-size av-large-gap av-hover-overlay-active av-masonry-animation-active av-masonry-col-flexible av-caption-always av-caption-style- av-masonry-gallery ' data-post_id=\"1603\"><div class=\"av-masonry-container isotope av-js-disabled\"><div class='av-masonry-entry isotope-item av-masonry-item-no-image '><\/div><a href=\"https:\/\/orkestris.riga.lv\/wp-content\/uploads\/2015\/11\/11_PAR_LATVIJU_Butans_Ordelovskis-1030x686.jpg\" data-srcset=\"https:\/\/orkestris.riga.lv\/wp-content\/uploads\/2015\/11\/11_PAR_LATVIJU_Butans_Ordelovskis-1030x686.jpg 1030w, https:\/\/orkestris.riga.lv\/wp-content\/uploads\/2015\/11\/11_PAR_LATVIJU_Butans_Ordelovskis-300x200.jpg 300w, https:\/\/orkestris.riga.lv\/wp-content\/uploads\/2015\/11\/11_PAR_LATVIJU_Butans_Ordelovskis-705x470.jpg 705w, https:\/\/orkestris.riga.lv\/wp-content\/uploads\/2015\/11\/11_PAR_LATVIJU_Butans_Ordelovskis-450x300.jpg 450w, https:\/\/orkestris.riga.lv\/wp-content\/uploads\/2015\/11\/11_PAR_LATVIJU_Butans_Ordelovskis.jpg 1460w\" data-sizes=\"(max-width: 1030px) 100vw, 1030px\"  aria-label=\"image image with no title\"  id='av-masonry-1-item-1570' data-av-masonry-item='1570' class='av-masonry-entry isotope-item post-1570 attachment type-attachment status-inherit hentry  av-masonry-item-with-image' title=\"\" alt=\"\"    itemprop=\"thumbnailUrl\" ><div class='av-inner-masonry-sizer'><\/div><figure class='av-inner-masonry main_color'><div class=\"av-masonry-outerimage-container\"><div class='av-masonry-image-container' style=\"background-image: url(https:\/\/orkestris.riga.lv\/wp-content\/uploads\/2015\/11\/11_PAR_LATVIJU_Butans_Ordelovskis-705x470.jpg);\" ><\/div><\/div><figcaption class='av-inner-masonry-content site-background'><div class='av-inner-masonry-content-pos'><div class='av-inner-masonry-content-pos-content'><div class='avia-arrow'><\/div><h3 class='av-masonry-entry-title entry-title '  itemprop=\"headline\" ><\/h3><\/div><\/div><\/figcaption><\/figure><\/a><!--end av-masonry entry--><a href=\"https:\/\/orkestris.riga.lv\/wp-content\/uploads\/2015\/11\/12_PAR_LATVIJU_sakums-1030x686.jpg\" data-srcset=\"https:\/\/orkestris.riga.lv\/wp-content\/uploads\/2015\/11\/12_PAR_LATVIJU_sakums-1030x686.jpg 1030w, https:\/\/orkestris.riga.lv\/wp-content\/uploads\/2015\/11\/12_PAR_LATVIJU_sakums-300x200.jpg 300w, https:\/\/orkestris.riga.lv\/wp-content\/uploads\/2015\/11\/12_PAR_LATVIJU_sakums-705x470.jpg 705w, https:\/\/orkestris.riga.lv\/wp-content\/uploads\/2015\/11\/12_PAR_LATVIJU_sakums-450x300.jpg 450w, https:\/\/orkestris.riga.lv\/wp-content\/uploads\/2015\/11\/12_PAR_LATVIJU_sakums.jpg 1460w\" data-sizes=\"(max-width: 1030px) 100vw, 1030px\"  aria-label=\"image image with no title\"  id='av-masonry-1-item-1572' data-av-masonry-item='1572' class='av-masonry-entry isotope-item post-1572 attachment type-attachment status-inherit hentry  av-masonry-item-with-image' title=\"\" alt=\"\"    itemprop=\"thumbnailUrl\" ><div class='av-inner-masonry-sizer'><\/div><figure class='av-inner-masonry main_color'><div class=\"av-masonry-outerimage-container\"><div class='av-masonry-image-container' style=\"background-image: url(https:\/\/orkestris.riga.lv\/wp-content\/uploads\/2015\/11\/12_PAR_LATVIJU_sakums-705x470.jpg);\" ><\/div><\/div><figcaption class='av-inner-masonry-content site-background'><div class='av-inner-masonry-content-pos'><div class='av-inner-masonry-content-pos-content'><div class='avia-arrow'><\/div><h3 class='av-masonry-entry-title entry-title '  itemprop=\"headline\" ><\/h3><\/div><\/div><\/figcaption><\/figure><\/a><!--end av-masonry entry--><a href=\"https:\/\/orkestris.riga.lv\/wp-content\/uploads\/2015\/11\/13_PAR_LATVIJU_Es-dziedashu-ar-solistiem-1030x687.jpg\" data-srcset=\"https:\/\/orkestris.riga.lv\/wp-content\/uploads\/2015\/11\/13_PAR_LATVIJU_Es-dziedashu-ar-solistiem-1030x687.jpg 1030w, https:\/\/orkestris.riga.lv\/wp-content\/uploads\/2015\/11\/13_PAR_LATVIJU_Es-dziedashu-ar-solistiem-300x200.jpg 300w, https:\/\/orkestris.riga.lv\/wp-content\/uploads\/2015\/11\/13_PAR_LATVIJU_Es-dziedashu-ar-solistiem-705x470.jpg 705w, https:\/\/orkestris.riga.lv\/wp-content\/uploads\/2015\/11\/13_PAR_LATVIJU_Es-dziedashu-ar-solistiem-450x300.jpg 450w, https:\/\/orkestris.riga.lv\/wp-content\/uploads\/2015\/11\/13_PAR_LATVIJU_Es-dziedashu-ar-solistiem.jpg 1404w\" data-sizes=\"(max-width: 1030px) 100vw, 1030px\"  aria-label=\"image image with no title\"  id='av-masonry-1-item-1574' data-av-masonry-item='1574' class='av-masonry-entry isotope-item post-1574 attachment type-attachment status-inherit hentry  av-masonry-item-with-image' title=\"\" alt=\"\"    itemprop=\"thumbnailUrl\" ><div class='av-inner-masonry-sizer'><\/div><figure class='av-inner-masonry main_color'><div class=\"av-masonry-outerimage-container\"><div class='av-masonry-image-container' style=\"background-image: url(https:\/\/orkestris.riga.lv\/wp-content\/uploads\/2015\/11\/13_PAR_LATVIJU_Es-dziedashu-ar-solistiem-705x470.jpg);\" ><\/div><\/div><figcaption class='av-inner-masonry-content site-background'><div class='av-inner-masonry-content-pos'><div class='av-inner-masonry-content-pos-content'><div class='avia-arrow'><\/div><h3 class='av-masonry-entry-title entry-title '  itemprop=\"headline\" ><\/h3><\/div><\/div><\/figcaption><\/figure><\/a><!--end av-masonry entry--><a href=\"https:\/\/orkestris.riga.lv\/wp-content\/uploads\/2015\/11\/14_PAR_LATVIJU_Daugav-abas-malas-ar-kori-1030x686.jpg\" data-srcset=\"https:\/\/orkestris.riga.lv\/wp-content\/uploads\/2015\/11\/14_PAR_LATVIJU_Daugav-abas-malas-ar-kori-1030x686.jpg 1030w, https:\/\/orkestris.riga.lv\/wp-content\/uploads\/2015\/11\/14_PAR_LATVIJU_Daugav-abas-malas-ar-kori-300x200.jpg 300w, https:\/\/orkestris.riga.lv\/wp-content\/uploads\/2015\/11\/14_PAR_LATVIJU_Daugav-abas-malas-ar-kori-705x470.jpg 705w, https:\/\/orkestris.riga.lv\/wp-content\/uploads\/2015\/11\/14_PAR_LATVIJU_Daugav-abas-malas-ar-kori-450x300.jpg 450w, https:\/\/orkestris.riga.lv\/wp-content\/uploads\/2015\/11\/14_PAR_LATVIJU_Daugav-abas-malas-ar-kori.jpg 1460w\" data-sizes=\"(max-width: 1030px) 100vw, 1030px\"  aria-label=\"image image with no title\"  id='av-masonry-1-item-1576' data-av-masonry-item='1576' class='av-masonry-entry isotope-item post-1576 attachment type-attachment status-inherit hentry  av-masonry-item-with-image' title=\"\" alt=\"\"    itemprop=\"thumbnailUrl\" ><div class='av-inner-masonry-sizer'><\/div><figure class='av-inner-masonry main_color'><div class=\"av-masonry-outerimage-container\"><div class='av-masonry-image-container' style=\"background-image: url(https:\/\/orkestris.riga.lv\/wp-content\/uploads\/2015\/11\/14_PAR_LATVIJU_Daugav-abas-malas-ar-kori-705x470.jpg);\" ><\/div><\/div><figcaption class='av-inner-masonry-content site-background'><div class='av-inner-masonry-content-pos'><div class='av-inner-masonry-content-pos-content'><div class='avia-arrow'><\/div><h3 class='av-masonry-entry-title entry-title '  itemprop=\"headline\" ><\/h3><\/div><\/div><\/figcaption><\/figure><\/a><!--end av-masonry entry--><a href=\"https:\/\/orkestris.riga.lv\/wp-content\/uploads\/2015\/11\/15_PAR_LATVIJU_Daugav_abas_malas-1030x687.jpg\" data-srcset=\"https:\/\/orkestris.riga.lv\/wp-content\/uploads\/2015\/11\/15_PAR_LATVIJU_Daugav_abas_malas-1030x687.jpg 1030w, https:\/\/orkestris.riga.lv\/wp-content\/uploads\/2015\/11\/15_PAR_LATVIJU_Daugav_abas_malas-300x200.jpg 300w, https:\/\/orkestris.riga.lv\/wp-content\/uploads\/2015\/11\/15_PAR_LATVIJU_Daugav_abas_malas-705x470.jpg 705w, https:\/\/orkestris.riga.lv\/wp-content\/uploads\/2015\/11\/15_PAR_LATVIJU_Daugav_abas_malas-450x300.jpg 450w, https:\/\/orkestris.riga.lv\/wp-content\/uploads\/2015\/11\/15_PAR_LATVIJU_Daugav_abas_malas.jpg 1404w\" data-sizes=\"(max-width: 1030px) 100vw, 1030px\"  aria-label=\"image image with no title\"  id='av-masonry-1-item-1578' data-av-masonry-item='1578' class='av-masonry-entry isotope-item post-1578 attachment type-attachment status-inherit hentry  av-masonry-item-with-image' title=\"\" alt=\"\"    itemprop=\"thumbnailUrl\" ><div class='av-inner-masonry-sizer'><\/div><figure class='av-inner-masonry main_color'><div class=\"av-masonry-outerimage-container\"><div class='av-masonry-image-container' style=\"background-image: url(https:\/\/orkestris.riga.lv\/wp-content\/uploads\/2015\/11\/15_PAR_LATVIJU_Daugav_abas_malas-705x470.jpg);\" ><\/div><\/div><figcaption class='av-inner-masonry-content site-background'><div class='av-inner-masonry-content-pos'><div class='av-inner-masonry-content-pos-content'><div class='avia-arrow'><\/div><h3 class='av-masonry-entry-title entry-title '  itemprop=\"headline\" ><\/h3><\/div><\/div><\/figcaption><\/figure><\/a><!--end av-masonry entry--><a href=\"https:\/\/orkestris.riga.lv\/wp-content\/uploads\/2015\/11\/16_PAR_LATVIJU_Ance_Maza_maza-1030x686.jpg\" data-srcset=\"https:\/\/orkestris.riga.lv\/wp-content\/uploads\/2015\/11\/16_PAR_LATVIJU_Ance_Maza_maza-1030x686.jpg 1030w, https:\/\/orkestris.riga.lv\/wp-content\/uploads\/2015\/11\/16_PAR_LATVIJU_Ance_Maza_maza-300x200.jpg 300w, https:\/\/orkestris.riga.lv\/wp-content\/uploads\/2015\/11\/16_PAR_LATVIJU_Ance_Maza_maza-705x470.jpg 705w, https:\/\/orkestris.riga.lv\/wp-content\/uploads\/2015\/11\/16_PAR_LATVIJU_Ance_Maza_maza-450x300.jpg 450w, https:\/\/orkestris.riga.lv\/wp-content\/uploads\/2015\/11\/16_PAR_LATVIJU_Ance_Maza_maza.jpg 1460w\" data-sizes=\"(max-width: 1030px) 100vw, 1030px\"  aria-label=\"image image with no title\"  id='av-masonry-1-item-1580' data-av-masonry-item='1580' class='av-masonry-entry isotope-item post-1580 attachment type-attachment status-inherit hentry  av-masonry-item-with-image' title=\"\" alt=\"\"    itemprop=\"thumbnailUrl\" ><div class='av-inner-masonry-sizer'><\/div><figure class='av-inner-masonry main_color'><div class=\"av-masonry-outerimage-container\"><div class='av-masonry-image-container' style=\"background-image: url(https:\/\/orkestris.riga.lv\/wp-content\/uploads\/2015\/11\/16_PAR_LATVIJU_Ance_Maza_maza-705x470.jpg);\" ><\/div><\/div><figcaption class='av-inner-masonry-content site-background'><div class='av-inner-masonry-content-pos'><div class='av-inner-masonry-content-pos-content'><div class='avia-arrow'><\/div><h3 class='av-masonry-entry-title entry-title '  itemprop=\"headline\" ><\/h3><\/div><\/div><\/figcaption><\/figure><\/a><!--end av-masonry entry--><a href=\"https:\/\/orkestris.riga.lv\/wp-content\/uploads\/2015\/11\/17_PAR_LATVIJU_zenu_koris-1030x686.jpg\" data-srcset=\"https:\/\/orkestris.riga.lv\/wp-content\/uploads\/2015\/11\/17_PAR_LATVIJU_zenu_koris-1030x686.jpg 1030w, https:\/\/orkestris.riga.lv\/wp-content\/uploads\/2015\/11\/17_PAR_LATVIJU_zenu_koris-300x200.jpg 300w, https:\/\/orkestris.riga.lv\/wp-content\/uploads\/2015\/11\/17_PAR_LATVIJU_zenu_koris-705x470.jpg 705w, https:\/\/orkestris.riga.lv\/wp-content\/uploads\/2015\/11\/17_PAR_LATVIJU_zenu_koris-450x300.jpg 450w, https:\/\/orkestris.riga.lv\/wp-content\/uploads\/2015\/11\/17_PAR_LATVIJU_zenu_koris.jpg 1460w\" data-sizes=\"(max-width: 1030px) 100vw, 1030px\"  aria-label=\"image image with no title\"  id='av-masonry-1-item-1582' data-av-masonry-item='1582' class='av-masonry-entry isotope-item post-1582 attachment type-attachment status-inherit hentry  av-masonry-item-with-image' title=\"\" alt=\"\"    itemprop=\"thumbnailUrl\" ><div class='av-inner-masonry-sizer'><\/div><figure class='av-inner-masonry main_color'><div class=\"av-masonry-outerimage-container\"><div class='av-masonry-image-container' style=\"background-image: url(https:\/\/orkestris.riga.lv\/wp-content\/uploads\/2015\/11\/17_PAR_LATVIJU_zenu_koris-705x470.jpg);\" ><\/div><\/div><figcaption class='av-inner-masonry-content site-background'><div class='av-inner-masonry-content-pos'><div class='av-inner-masonry-content-pos-content'><div class='avia-arrow'><\/div><h3 class='av-masonry-entry-title entry-title '  itemprop=\"headline\" ><\/h3><\/div><\/div><\/figcaption><\/figure><\/a><!--end av-masonry entry--><a href=\"https:\/\/orkestris.riga.lv\/wp-content\/uploads\/2015\/11\/18_PAR_LATVIJU_koris_zenu_a_cappella-1030x687.jpg\" data-srcset=\"https:\/\/orkestris.riga.lv\/wp-content\/uploads\/2015\/11\/18_PAR_LATVIJU_koris_zenu_a_cappella-1030x687.jpg 1030w, https:\/\/orkestris.riga.lv\/wp-content\/uploads\/2015\/11\/18_PAR_LATVIJU_koris_zenu_a_cappella-300x200.jpg 300w, https:\/\/orkestris.riga.lv\/wp-content\/uploads\/2015\/11\/18_PAR_LATVIJU_koris_zenu_a_cappella-705x470.jpg 705w, https:\/\/orkestris.riga.lv\/wp-content\/uploads\/2015\/11\/18_PAR_LATVIJU_koris_zenu_a_cappella-450x300.jpg 450w, https:\/\/orkestris.riga.lv\/wp-content\/uploads\/2015\/11\/18_PAR_LATVIJU_koris_zenu_a_cappella.jpg 1404w\" data-sizes=\"(max-width: 1030px) 100vw, 1030px\"  aria-label=\"image image with no title\"  id='av-masonry-1-item-1584' data-av-masonry-item='1584' class='av-masonry-entry isotope-item post-1584 attachment type-attachment status-inherit hentry  av-masonry-item-with-image' title=\"\" alt=\"\"    itemprop=\"thumbnailUrl\" ><div class='av-inner-masonry-sizer'><\/div><figure class='av-inner-masonry main_color'><div class=\"av-masonry-outerimage-container\"><div class='av-masonry-image-container' style=\"background-image: url(https:\/\/orkestris.riga.lv\/wp-content\/uploads\/2015\/11\/18_PAR_LATVIJU_koris_zenu_a_cappella-705x470.jpg);\" ><\/div><\/div><figcaption class='av-inner-masonry-content site-background'><div class='av-inner-masonry-content-pos'><div class='av-inner-masonry-content-pos-content'><div class='avia-arrow'><\/div><h3 class='av-masonry-entry-title entry-title '  itemprop=\"headline\" ><\/h3><\/div><\/div><\/figcaption><\/figure><\/a><!--end av-masonry entry--><a href=\"https:\/\/orkestris.riga.lv\/wp-content\/uploads\/2015\/11\/19_PAR_LATVIJU_Melanholiskais-1030x686.jpg\" data-srcset=\"https:\/\/orkestris.riga.lv\/wp-content\/uploads\/2015\/11\/19_PAR_LATVIJU_Melanholiskais-1030x686.jpg 1030w, https:\/\/orkestris.riga.lv\/wp-content\/uploads\/2015\/11\/19_PAR_LATVIJU_Melanholiskais-300x200.jpg 300w, https:\/\/orkestris.riga.lv\/wp-content\/uploads\/2015\/11\/19_PAR_LATVIJU_Melanholiskais-705x470.jpg 705w, https:\/\/orkestris.riga.lv\/wp-content\/uploads\/2015\/11\/19_PAR_LATVIJU_Melanholiskais-450x300.jpg 450w, https:\/\/orkestris.riga.lv\/wp-content\/uploads\/2015\/11\/19_PAR_LATVIJU_Melanholiskais.jpg 1460w\" data-sizes=\"(max-width: 1030px) 100vw, 1030px\"  aria-label=\"image image with no title\"  id='av-masonry-1-item-1586' data-av-masonry-item='1586' class='av-masonry-entry isotope-item post-1586 attachment type-attachment status-inherit hentry  av-masonry-item-with-image' title=\"\" alt=\"\"    itemprop=\"thumbnailUrl\" ><div class='av-inner-masonry-sizer'><\/div><figure class='av-inner-masonry main_color'><div class=\"av-masonry-outerimage-container\"><div class='av-masonry-image-container' style=\"background-image: url(https:\/\/orkestris.riga.lv\/wp-content\/uploads\/2015\/11\/19_PAR_LATVIJU_Melanholiskais-705x470.jpg);\" ><\/div><\/div><figcaption class='av-inner-masonry-content site-background'><div class='av-inner-masonry-content-pos'><div class='av-inner-masonry-content-pos-content'><div class='avia-arrow'><\/div><h3 class='av-masonry-entry-title entry-title '  itemprop=\"headline\" ><\/h3><\/div><\/div><\/figcaption><\/figure><\/a><!--end av-masonry entry--><a href=\"https:\/\/orkestris.riga.lv\/wp-content\/uploads\/2015\/11\/20_PAR_LATVIJU_Melanholiskais-1030x686.jpg\" data-srcset=\"https:\/\/orkestris.riga.lv\/wp-content\/uploads\/2015\/11\/20_PAR_LATVIJU_Melanholiskais-1030x686.jpg 1030w, https:\/\/orkestris.riga.lv\/wp-content\/uploads\/2015\/11\/20_PAR_LATVIJU_Melanholiskais-300x200.jpg 300w, https:\/\/orkestris.riga.lv\/wp-content\/uploads\/2015\/11\/20_PAR_LATVIJU_Melanholiskais-705x470.jpg 705w, https:\/\/orkestris.riga.lv\/wp-content\/uploads\/2015\/11\/20_PAR_LATVIJU_Melanholiskais-450x300.jpg 450w, https:\/\/orkestris.riga.lv\/wp-content\/uploads\/2015\/11\/20_PAR_LATVIJU_Melanholiskais.jpg 1460w\" data-sizes=\"(max-width: 1030px) 100vw, 1030px\"  aria-label=\"image image with no title\"  id='av-masonry-1-item-1588' data-av-masonry-item='1588' class='av-masonry-entry isotope-item post-1588 attachment type-attachment status-inherit hentry  av-masonry-item-with-image' title=\"\" alt=\"\"    itemprop=\"thumbnailUrl\" ><div class='av-inner-masonry-sizer'><\/div><figure class='av-inner-masonry main_color'><div class=\"av-masonry-outerimage-container\"><div class='av-masonry-image-container' style=\"background-image: url(https:\/\/orkestris.riga.lv\/wp-content\/uploads\/2015\/11\/20_PAR_LATVIJU_Melanholiskais-705x470.jpg);\" ><\/div><\/div><figcaption class='av-inner-masonry-content site-background'><div class='av-inner-masonry-content-pos'><div class='av-inner-masonry-content-pos-content'><div class='avia-arrow'><\/div><h3 class='av-masonry-entry-title entry-title '  itemprop=\"headline\" ><\/h3><\/div><\/div><\/figcaption><\/figure><\/a><!--end av-masonry entry--><a href=\"https:\/\/orkestris.riga.lv\/wp-content\/uploads\/2015\/11\/21_PAR_LATVIJU_duets-pg-686x1030.jpg\" data-srcset=\"https:\/\/orkestris.riga.lv\/wp-content\/uploads\/2015\/11\/21_PAR_LATVIJU_duets-pg-686x1030.jpg 686w, https:\/\/orkestris.riga.lv\/wp-content\/uploads\/2015\/11\/21_PAR_LATVIJU_duets-pg-200x300.jpg 200w, https:\/\/orkestris.riga.lv\/wp-content\/uploads\/2015\/11\/21_PAR_LATVIJU_duets-pg-470x705.jpg 470w, https:\/\/orkestris.riga.lv\/wp-content\/uploads\/2015\/11\/21_PAR_LATVIJU_duets-pg-450x675.jpg 450w, https:\/\/orkestris.riga.lv\/wp-content\/uploads\/2015\/11\/21_PAR_LATVIJU_duets-pg.jpg 973w\" data-sizes=\"(max-width: 686px) 100vw, 686px\"  aria-label=\"image image with no title\"  id='av-masonry-1-item-1590' data-av-masonry-item='1590' class='av-masonry-entry isotope-item post-1590 attachment type-attachment status-inherit hentry  av-masonry-item-with-image' title=\"\" alt=\"\"    itemprop=\"thumbnailUrl\" ><div class='av-inner-masonry-sizer'><\/div><figure class='av-inner-masonry main_color'><div class=\"av-masonry-outerimage-container\"><div class='av-masonry-image-container' style=\"background-image: url(https:\/\/orkestris.riga.lv\/wp-content\/uploads\/2015\/11\/21_PAR_LATVIJU_duets-pg-470x705.jpg);\" ><\/div><\/div><figcaption class='av-inner-masonry-content site-background'><div class='av-inner-masonry-content-pos'><div class='av-inner-masonry-content-pos-content'><div class='avia-arrow'><\/div><h3 class='av-masonry-entry-title entry-title '  itemprop=\"headline\" ><\/h3><\/div><\/div><\/figcaption><\/figure><\/a><!--end av-masonry entry--><a href=\"https:\/\/orkestris.riga.lv\/wp-content\/uploads\/2015\/11\/22_PAR_LATVIJU_Batorijs-1030x686.jpg\" data-srcset=\"https:\/\/orkestris.riga.lv\/wp-content\/uploads\/2015\/11\/22_PAR_LATVIJU_Batorijs-1030x686.jpg 1030w, https:\/\/orkestris.riga.lv\/wp-content\/uploads\/2015\/11\/22_PAR_LATVIJU_Batorijs-300x200.jpg 300w, https:\/\/orkestris.riga.lv\/wp-content\/uploads\/2015\/11\/22_PAR_LATVIJU_Batorijs-705x470.jpg 705w, https:\/\/orkestris.riga.lv\/wp-content\/uploads\/2015\/11\/22_PAR_LATVIJU_Batorijs-450x300.jpg 450w, https:\/\/orkestris.riga.lv\/wp-content\/uploads\/2015\/11\/22_PAR_LATVIJU_Batorijs.jpg 1460w\" data-sizes=\"(max-width: 1030px) 100vw, 1030px\"  aria-label=\"image image with no title\"  id='av-masonry-1-item-1592' data-av-masonry-item='1592' class='av-masonry-entry isotope-item post-1592 attachment type-attachment status-inherit hentry  av-masonry-item-with-image' title=\"\" alt=\"\"    itemprop=\"thumbnailUrl\" ><div class='av-inner-masonry-sizer'><\/div><figure class='av-inner-masonry main_color'><div class=\"av-masonry-outerimage-container\"><div class='av-masonry-image-container' style=\"background-image: url(https:\/\/orkestris.riga.lv\/wp-content\/uploads\/2015\/11\/22_PAR_LATVIJU_Batorijs-705x470.jpg);\" ><\/div><\/div><figcaption class='av-inner-masonry-content site-background'><div class='av-inner-masonry-content-pos'><div class='av-inner-masonry-content-pos-content'><div class='avia-arrow'><\/div><h3 class='av-masonry-entry-title entry-title '  itemprop=\"headline\" ><\/h3><\/div><\/div><\/figcaption><\/figure><\/a><!--end av-masonry entry--><a href=\"https:\/\/orkestris.riga.lv\/wp-content\/uploads\/2015\/11\/24_PAR_LATVIJU_Egliens-koris-1030x687.jpg\" data-srcset=\"https:\/\/orkestris.riga.lv\/wp-content\/uploads\/2015\/11\/24_PAR_LATVIJU_Egliens-koris-1030x687.jpg 1030w, https:\/\/orkestris.riga.lv\/wp-content\/uploads\/2015\/11\/24_PAR_LATVIJU_Egliens-koris-300x200.jpg 300w, https:\/\/orkestris.riga.lv\/wp-content\/uploads\/2015\/11\/24_PAR_LATVIJU_Egliens-koris-705x470.jpg 705w, https:\/\/orkestris.riga.lv\/wp-content\/uploads\/2015\/11\/24_PAR_LATVIJU_Egliens-koris-450x300.jpg 450w, https:\/\/orkestris.riga.lv\/wp-content\/uploads\/2015\/11\/24_PAR_LATVIJU_Egliens-koris.jpg 1404w\" data-sizes=\"(max-width: 1030px) 100vw, 1030px\"  aria-label=\"image image with no title\"  id='av-masonry-1-item-1594' data-av-masonry-item='1594' class='av-masonry-entry isotope-item post-1594 attachment type-attachment status-inherit hentry  av-masonry-item-with-image' title=\"\" alt=\"\"    itemprop=\"thumbnailUrl\" ><div class='av-inner-masonry-sizer'><\/div><figure class='av-inner-masonry main_color'><div class=\"av-masonry-outerimage-container\"><div class='av-masonry-image-container' style=\"background-image: url(https:\/\/orkestris.riga.lv\/wp-content\/uploads\/2015\/11\/24_PAR_LATVIJU_Egliens-koris-705x470.jpg);\" ><\/div><\/div><figcaption class='av-inner-masonry-content site-background'><div class='av-inner-masonry-content-pos'><div class='av-inner-masonry-content-pos-content'><div class='avia-arrow'><\/div><h3 class='av-masonry-entry-title entry-title '  itemprop=\"headline\" ><\/h3><\/div><\/div><\/figcaption><\/figure><\/a><!--end av-masonry entry--><a href=\"https:\/\/orkestris.riga.lv\/wp-content\/uploads\/2015\/11\/25_PAR_LATVIJU_Cielavina_Romans_Vanags-1030x687.jpg\" data-srcset=\"https:\/\/orkestris.riga.lv\/wp-content\/uploads\/2015\/11\/25_PAR_LATVIJU_Cielavina_Romans_Vanags-1030x687.jpg 1030w, https:\/\/orkestris.riga.lv\/wp-content\/uploads\/2015\/11\/25_PAR_LATVIJU_Cielavina_Romans_Vanags-300x200.jpg 300w, https:\/\/orkestris.riga.lv\/wp-content\/uploads\/2015\/11\/25_PAR_LATVIJU_Cielavina_Romans_Vanags-1500x1000.jpg 1500w, https:\/\/orkestris.riga.lv\/wp-content\/uploads\/2015\/11\/25_PAR_LATVIJU_Cielavina_Romans_Vanags-705x470.jpg 705w, https:\/\/orkestris.riga.lv\/wp-content\/uploads\/2015\/11\/25_PAR_LATVIJU_Cielavina_Romans_Vanags-450x300.jpg 450w, https:\/\/orkestris.riga.lv\/wp-content\/uploads\/2015\/11\/25_PAR_LATVIJU_Cielavina_Romans_Vanags.jpg 1572w\" data-sizes=\"(max-width: 1030px) 100vw, 1030px\"  aria-label=\"image image with no title\"  id='av-masonry-1-item-1596' data-av-masonry-item='1596' class='av-masonry-entry isotope-item post-1596 attachment type-attachment status-inherit hentry  av-masonry-item-with-image' title=\"\" alt=\"\"    itemprop=\"thumbnailUrl\" ><div class='av-inner-masonry-sizer'><\/div><figure class='av-inner-masonry main_color'><div class=\"av-masonry-outerimage-container\"><div class='av-masonry-image-container' style=\"background-image: url(https:\/\/orkestris.riga.lv\/wp-content\/uploads\/2015\/11\/25_PAR_LATVIJU_Cielavina_Romans_Vanags-705x470.jpg);\" ><\/div><\/div><figcaption class='av-inner-masonry-content site-background'><div class='av-inner-masonry-content-pos'><div class='av-inner-masonry-content-pos-content'><div class='avia-arrow'><\/div><h3 class='av-masonry-entry-title entry-title '  itemprop=\"headline\" ><\/h3><\/div><\/div><\/figcaption><\/figure><\/a><!--end av-masonry entry--><a href=\"https:\/\/orkestris.riga.lv\/wp-content\/uploads\/2015\/11\/26_PAR_LATVIJU_Cielavina_trio-1030x687.jpg\" data-srcset=\"https:\/\/orkestris.riga.lv\/wp-content\/uploads\/2015\/11\/26_PAR_LATVIJU_Cielavina_trio-1030x687.jpg 1030w, https:\/\/orkestris.riga.lv\/wp-content\/uploads\/2015\/11\/26_PAR_LATVIJU_Cielavina_trio-300x200.jpg 300w, https:\/\/orkestris.riga.lv\/wp-content\/uploads\/2015\/11\/26_PAR_LATVIJU_Cielavina_trio-705x470.jpg 705w, https:\/\/orkestris.riga.lv\/wp-content\/uploads\/2015\/11\/26_PAR_LATVIJU_Cielavina_trio-450x300.jpg 450w, https:\/\/orkestris.riga.lv\/wp-content\/uploads\/2015\/11\/26_PAR_LATVIJU_Cielavina_trio.jpg 1404w\" data-sizes=\"(max-width: 1030px) 100vw, 1030px\"  aria-label=\"image image with no title\"  id='av-masonry-1-item-1598' data-av-masonry-item='1598' class='av-masonry-entry isotope-item post-1598 attachment type-attachment status-inherit hentry  av-masonry-item-with-image' title=\"\" alt=\"\"    itemprop=\"thumbnailUrl\" ><div class='av-inner-masonry-sizer'><\/div><figure class='av-inner-masonry main_color'><div class=\"av-masonry-outerimage-container\"><div class='av-masonry-image-container' style=\"background-image: url(https:\/\/orkestris.riga.lv\/wp-content\/uploads\/2015\/11\/26_PAR_LATVIJU_Cielavina_trio-705x470.jpg);\" ><\/div><\/div><figcaption class='av-inner-masonry-content site-background'><div class='av-inner-masonry-content-pos'><div class='av-inner-masonry-content-pos-content'><div class='avia-arrow'><\/div><h3 class='av-masonry-entry-title entry-title '  itemprop=\"headline\" ><\/h3><\/div><\/div><\/figcaption><\/figure><\/a><!--end av-masonry entry--><\/div><\/div><\/p><\/div>\n","protected":false},"excerpt":{"rendered":"","protected":false},"author":3,"featured_media":1594,"comment_status":"closed","ping_status":"closed","template":"","meta":{"footnotes":""},"tags":[],"portfolio_entries":[23],"class_list":["post-1603","portfolio","type-portfolio","status-publish","has-post-thumbnail","hentry","portfolio_entries-photo"],"yoast_head":"<!-- This site is optimized with the Yoast SEO plugin v27.4 - https:\/\/yoast.com\/product\/yoast-seo-wordpress\/ -->\n<title>Concert in the Proclamation Day of the Rebublic of Latvia - FOR LATVIA! 18.11.2016 - Or\u0137estris R\u012aGA<\/title>\n<meta name=\"robots\" content=\"index, follow, max-snippet:-1, max-image-preview:large, max-video-preview:-1\" \/>\n<link rel=\"canonical\" href=\"https:\/\/orkestris.riga.lv\/en\/portfolio-item\/koncerts-latvijas-republikas-proklamesanas-diena-par-latviju-2\/\" \/>\n<meta property=\"og:locale\" content=\"en_US\" \/>\n<meta property=\"og:type\" content=\"article\" \/>\n<meta property=\"og:title\" content=\"Concert in the Proclamation Day of the Rebublic of Latvia - FOR LATVIA! 18.11.2016 - Or\u0137estris R\u012aGA\" \/>\n<meta property=\"og:url\" content=\"https:\/\/orkestris.riga.lv\/en\/portfolio-item\/koncerts-latvijas-republikas-proklamesanas-diena-par-latviju-2\/\" \/>\n<meta property=\"og:site_name\" content=\"Or\u0137estris R\u012aGA\" \/>\n<meta property=\"article:publisher\" content=\"https:\/\/www.facebook.com\/rigaorchestra\" \/>\n<meta property=\"article:modified_time\" content=\"2016-04-19T09:46:27+00:00\" \/>\n<meta property=\"og:image\" content=\"https:\/\/orkestris.riga.lv\/wp-content\/uploads\/2015\/11\/24_PAR_LATVIJU_Egliens-koris.jpg\" \/>\n\t<meta property=\"og:image:width\" content=\"1404\" \/>\n\t<meta property=\"og:image:height\" content=\"936\" \/>\n\t<meta property=\"og:image:type\" content=\"image\/jpeg\" \/>\n<meta name=\"twitter:card\" content=\"summary_large_image\" \/>\n<meta name=\"twitter:label1\" content=\"Est. reading time\" \/>\n\t<meta name=\"twitter:data1\" content=\"1 minute\" \/>\n<script type=\"application\/ld+json\" class=\"yoast-schema-graph\">{\"@context\":\"https:\\\/\\\/schema.org\",\"@graph\":[{\"@type\":\"WebPage\",\"@id\":\"https:\\\/\\\/orkestris.riga.lv\\\/en\\\/portfolio-item\\\/koncerts-latvijas-republikas-proklamesanas-diena-par-latviju-2\\\/\",\"url\":\"https:\\\/\\\/orkestris.riga.lv\\\/en\\\/portfolio-item\\\/koncerts-latvijas-republikas-proklamesanas-diena-par-latviju-2\\\/\",\"name\":\"Concert in the Proclamation Day of the Rebublic of Latvia - FOR LATVIA! 18.11.2016 - Or\u0137estris R\u012aGA\",\"isPartOf\":{\"@id\":\"https:\\\/\\\/orkestris.riga.lv\\\/en\\\/#website\"},\"primaryImageOfPage\":{\"@id\":\"https:\\\/\\\/orkestris.riga.lv\\\/en\\\/portfolio-item\\\/koncerts-latvijas-republikas-proklamesanas-diena-par-latviju-2\\\/#primaryimage\"},\"image\":{\"@id\":\"https:\\\/\\\/orkestris.riga.lv\\\/en\\\/portfolio-item\\\/koncerts-latvijas-republikas-proklamesanas-diena-par-latviju-2\\\/#primaryimage\"},\"thumbnailUrl\":\"https:\\\/\\\/orkestris.riga.lv\\\/wp-content\\\/uploads\\\/2015\\\/11\\\/24_PAR_LATVIJU_Egliens-koris.jpg\",\"datePublished\":\"2015-11-25T12:01:47+00:00\",\"dateModified\":\"2016-04-19T09:46:27+00:00\",\"breadcrumb\":{\"@id\":\"https:\\\/\\\/orkestris.riga.lv\\\/en\\\/portfolio-item\\\/koncerts-latvijas-republikas-proklamesanas-diena-par-latviju-2\\\/#breadcrumb\"},\"inLanguage\":\"en-US\",\"potentialAction\":[{\"@type\":\"ReadAction\",\"target\":[\"https:\\\/\\\/orkestris.riga.lv\\\/en\\\/portfolio-item\\\/koncerts-latvijas-republikas-proklamesanas-diena-par-latviju-2\\\/\"]}]},{\"@type\":\"ImageObject\",\"inLanguage\":\"en-US\",\"@id\":\"https:\\\/\\\/orkestris.riga.lv\\\/en\\\/portfolio-item\\\/koncerts-latvijas-republikas-proklamesanas-diena-par-latviju-2\\\/#primaryimage\",\"url\":\"https:\\\/\\\/orkestris.riga.lv\\\/wp-content\\\/uploads\\\/2015\\\/11\\\/24_PAR_LATVIJU_Egliens-koris.jpg\",\"contentUrl\":\"https:\\\/\\\/orkestris.riga.lv\\\/wp-content\\\/uploads\\\/2015\\\/11\\\/24_PAR_LATVIJU_Egliens-koris.jpg\",\"width\":1404,\"height\":936},{\"@type\":\"BreadcrumbList\",\"@id\":\"https:\\\/\\\/orkestris.riga.lv\\\/en\\\/portfolio-item\\\/koncerts-latvijas-republikas-proklamesanas-diena-par-latviju-2\\\/#breadcrumb\",\"itemListElement\":[{\"@type\":\"ListItem\",\"position\":1,\"name\":\"Home\",\"item\":\"https:\\\/\\\/orkestris.riga.lv\\\/en\\\/\"},{\"@type\":\"ListItem\",\"position\":2,\"name\":\"Concert in the Proclamation Day of the Rebublic of Latvia &#8211; FOR LATVIA! 18.11.2016\"}]},{\"@type\":\"WebSite\",\"@id\":\"https:\\\/\\\/orkestris.riga.lv\\\/en\\\/#website\",\"url\":\"https:\\\/\\\/orkestris.riga.lv\\\/en\\\/\",\"name\":\"Or\u0137estris R\u012aGA\",\"description\":\"Orchestra RIGA\",\"publisher\":{\"@id\":\"https:\\\/\\\/orkestris.riga.lv\\\/en\\\/#organization\"},\"potentialAction\":[{\"@type\":\"SearchAction\",\"target\":{\"@type\":\"EntryPoint\",\"urlTemplate\":\"https:\\\/\\\/orkestris.riga.lv\\\/en\\\/?s={search_term_string}\"},\"query-input\":{\"@type\":\"PropertyValueSpecification\",\"valueRequired\":true,\"valueName\":\"search_term_string\"}}],\"inLanguage\":\"en-US\"},{\"@type\":\"Organization\",\"@id\":\"https:\\\/\\\/orkestris.riga.lv\\\/en\\\/#organization\",\"name\":\"Or\u0137estris R\u012aGA\",\"url\":\"https:\\\/\\\/orkestris.riga.lv\\\/en\\\/\",\"logo\":{\"@type\":\"ImageObject\",\"inLanguage\":\"en-US\",\"@id\":\"https:\\\/\\\/orkestris.riga.lv\\\/en\\\/#\\\/schema\\\/logo\\\/image\\\/\",\"url\":\"https:\\\/\\\/orkestris.riga.lv\\\/wp-content\\\/uploads\\\/2025\\\/01\\\/orkestris_riga_logo.png\",\"contentUrl\":\"https:\\\/\\\/orkestris.riga.lv\\\/wp-content\\\/uploads\\\/2025\\\/01\\\/orkestris_riga_logo.png\",\"width\":1200,\"height\":505,\"caption\":\"Or\u0137estris R\u012aGA\"},\"image\":{\"@id\":\"https:\\\/\\\/orkestris.riga.lv\\\/en\\\/#\\\/schema\\\/logo\\\/image\\\/\"},\"sameAs\":[\"https:\\\/\\\/www.facebook.com\\\/rigaorchestra\",\"https:\\\/\\\/www.youtube.com\\\/rigaorchestra\",\"https:\\\/\\\/www.instagram.com\\\/rigaorchestra\"]}]}<\/script>\n<!-- \/ Yoast SEO plugin. -->","yoast_head_json":{"title":"Concert in the Proclamation Day of the Rebublic of Latvia - FOR LATVIA! 18.11.2016 - Or\u0137estris R\u012aGA","robots":{"index":"index","follow":"follow","max-snippet":"max-snippet:-1","max-image-preview":"max-image-preview:large","max-video-preview":"max-video-preview:-1"},"canonical":"https:\/\/orkestris.riga.lv\/en\/portfolio-item\/koncerts-latvijas-republikas-proklamesanas-diena-par-latviju-2\/","og_locale":"en_US","og_type":"article","og_title":"Concert in the Proclamation Day of the Rebublic of Latvia - FOR LATVIA! 18.11.2016 - Or\u0137estris R\u012aGA","og_url":"https:\/\/orkestris.riga.lv\/en\/portfolio-item\/koncerts-latvijas-republikas-proklamesanas-diena-par-latviju-2\/","og_site_name":"Or\u0137estris R\u012aGA","article_publisher":"https:\/\/www.facebook.com\/rigaorchestra","article_modified_time":"2016-04-19T09:46:27+00:00","og_image":[{"width":1404,"height":936,"url":"https:\/\/orkestris.riga.lv\/wp-content\/uploads\/2015\/11\/24_PAR_LATVIJU_Egliens-koris.jpg","type":"image\/jpeg"}],"twitter_card":"summary_large_image","twitter_misc":{"Est. reading time":"1 minute"},"schema":{"@context":"https:\/\/schema.org","@graph":[{"@type":"WebPage","@id":"https:\/\/orkestris.riga.lv\/en\/portfolio-item\/koncerts-latvijas-republikas-proklamesanas-diena-par-latviju-2\/","url":"https:\/\/orkestris.riga.lv\/en\/portfolio-item\/koncerts-latvijas-republikas-proklamesanas-diena-par-latviju-2\/","name":"Concert in the Proclamation Day of the Rebublic of Latvia - FOR LATVIA! 18.11.2016 - Or\u0137estris R\u012aGA","isPartOf":{"@id":"https:\/\/orkestris.riga.lv\/en\/#website"},"primaryImageOfPage":{"@id":"https:\/\/orkestris.riga.lv\/en\/portfolio-item\/koncerts-latvijas-republikas-proklamesanas-diena-par-latviju-2\/#primaryimage"},"image":{"@id":"https:\/\/orkestris.riga.lv\/en\/portfolio-item\/koncerts-latvijas-republikas-proklamesanas-diena-par-latviju-2\/#primaryimage"},"thumbnailUrl":"https:\/\/orkestris.riga.lv\/wp-content\/uploads\/2015\/11\/24_PAR_LATVIJU_Egliens-koris.jpg","datePublished":"2015-11-25T12:01:47+00:00","dateModified":"2016-04-19T09:46:27+00:00","breadcrumb":{"@id":"https:\/\/orkestris.riga.lv\/en\/portfolio-item\/koncerts-latvijas-republikas-proklamesanas-diena-par-latviju-2\/#breadcrumb"},"inLanguage":"en-US","potentialAction":[{"@type":"ReadAction","target":["https:\/\/orkestris.riga.lv\/en\/portfolio-item\/koncerts-latvijas-republikas-proklamesanas-diena-par-latviju-2\/"]}]},{"@type":"ImageObject","inLanguage":"en-US","@id":"https:\/\/orkestris.riga.lv\/en\/portfolio-item\/koncerts-latvijas-republikas-proklamesanas-diena-par-latviju-2\/#primaryimage","url":"https:\/\/orkestris.riga.lv\/wp-content\/uploads\/2015\/11\/24_PAR_LATVIJU_Egliens-koris.jpg","contentUrl":"https:\/\/orkestris.riga.lv\/wp-content\/uploads\/2015\/11\/24_PAR_LATVIJU_Egliens-koris.jpg","width":1404,"height":936},{"@type":"BreadcrumbList","@id":"https:\/\/orkestris.riga.lv\/en\/portfolio-item\/koncerts-latvijas-republikas-proklamesanas-diena-par-latviju-2\/#breadcrumb","itemListElement":[{"@type":"ListItem","position":1,"name":"Home","item":"https:\/\/orkestris.riga.lv\/en\/"},{"@type":"ListItem","position":2,"name":"Concert in the Proclamation Day of the Rebublic of Latvia &#8211; FOR LATVIA! 18.11.2016"}]},{"@type":"WebSite","@id":"https:\/\/orkestris.riga.lv\/en\/#website","url":"https:\/\/orkestris.riga.lv\/en\/","name":"Or\u0137estris R\u012aGA","description":"Orchestra RIGA","publisher":{"@id":"https:\/\/orkestris.riga.lv\/en\/#organization"},"potentialAction":[{"@type":"SearchAction","target":{"@type":"EntryPoint","urlTemplate":"https:\/\/orkestris.riga.lv\/en\/?s={search_term_string}"},"query-input":{"@type":"PropertyValueSpecification","valueRequired":true,"valueName":"search_term_string"}}],"inLanguage":"en-US"},{"@type":"Organization","@id":"https:\/\/orkestris.riga.lv\/en\/#organization","name":"Or\u0137estris R\u012aGA","url":"https:\/\/orkestris.riga.lv\/en\/","logo":{"@type":"ImageObject","inLanguage":"en-US","@id":"https:\/\/orkestris.riga.lv\/en\/#\/schema\/logo\/image\/","url":"https:\/\/orkestris.riga.lv\/wp-content\/uploads\/2025\/01\/orkestris_riga_logo.png","contentUrl":"https:\/\/orkestris.riga.lv\/wp-content\/uploads\/2025\/01\/orkestris_riga_logo.png","width":1200,"height":505,"caption":"Or\u0137estris R\u012aGA"},"image":{"@id":"https:\/\/orkestris.riga.lv\/en\/#\/schema\/logo\/image\/"},"sameAs":["https:\/\/www.facebook.com\/rigaorchestra","https:\/\/www.youtube.com\/rigaorchestra","https:\/\/www.instagram.com\/rigaorchestra"]}]}},"_links":{"self":[{"href":"https:\/\/orkestris.riga.lv\/en\/wp-json\/wp\/v2\/portfolio\/1603","targetHints":{"allow":["GET"]}}],"collection":[{"href":"https:\/\/orkestris.riga.lv\/en\/wp-json\/wp\/v2\/portfolio"}],"about":[{"href":"https:\/\/orkestris.riga.lv\/en\/wp-json\/wp\/v2\/types\/portfolio"}],"author":[{"embeddable":true,"href":"https:\/\/orkestris.riga.lv\/en\/wp-json\/wp\/v2\/users\/3"}],"replies":[{"embeddable":true,"href":"https:\/\/orkestris.riga.lv\/en\/wp-json\/wp\/v2\/comments?post=1603"}],"version-history":[{"count":0,"href":"https:\/\/orkestris.riga.lv\/en\/wp-json\/wp\/v2\/portfolio\/1603\/revisions"}],"wp:featuredmedia":[{"embeddable":true,"href":"https:\/\/orkestris.riga.lv\/en\/wp-json\/wp\/v2\/media\/1594"}],"wp:attachment":[{"href":"https:\/\/orkestris.riga.lv\/en\/wp-json\/wp\/v2\/media?parent=1603"}],"wp:term":[{"taxonomy":"post_tag","embeddable":true,"href":"https:\/\/orkestris.riga.lv\/en\/wp-json\/wp\/v2\/tags?post=1603"},{"taxonomy":"portfolio_entries","embeddable":true,"href":"https:\/\/orkestris.riga.lv\/en\/wp-json\/wp\/v2\/portfolio_entries?post=1603"}],"curies":[{"name":"wp","href":"https:\/\/api.w.org\/{rel}","templated":true}]}}